{"version":"1.0","provider_name":"Promarca","provider_url":"https:\/\/www.promarca.ch\/fr\/","author_name":"admin-bloom","author_url":"https:\/\/www.promarca.ch\/fr\/author\/admin-bloom\/","title":"Une savoureuse association de tradition et de progr\u00e8s - Promarca","type":"rich","width":600,"height":338,"html":"<blockquote class=\"wp-embedded-content\" data-secret=\"9f4CKnsvUb\"><a href=\"https:\/\/www.promarca.ch\/fr\/__trashed-2\/\">Une savoureuse association de tradition et de progr\u00e8s<\/a><\/blockquote><iframe sandbox=\"allow-scripts\" security=\"restricted\" src=\"https:\/\/www.promarca.ch\/fr\/__trashed-2\/embed\/#?secret=9f4CKnsvUb\" width=\"600\" height=\"338\" title=\"\u00ab\u00a0Une savoureuse association de tradition et de progr\u00e8s\u00a0\u00bb &#8212; Promarca\" data-secret=\"9f4CKnsvUb\" frameborder=\"0\" marginwidth=\"0\" marginheight=\"0\" scrolling=\"no\" class=\"wp-embedded-content\"><\/iframe><script type=\"text\/javascript\">\n\/* <![CDATA[ *\/\n\/*! This file is auto-generated *\/\n!function(d,l){\"use strict\";l.querySelector&&d.addEventListener&&\"undefined\"!=typeof URL&&(d.wp=d.wp||{},d.wp.receiveEmbedMessage||(d.wp.receiveEmbedMessage=function(e){var t=e.data;if((t||t.secret||t.message||t.value)&&!\/[^a-zA-Z0-9]\/.test(t.secret)){for(var s,r,n,a=l.querySelectorAll('iframe[data-secret=\"'+t.secret+'\"]'),o=l.querySelectorAll('blockquote[data-secret=\"'+t.secret+'\"]'),c=new RegExp(\"^https?:$\",\"i\"),i=0;i<o.length;i++)o[i].style.display=\"none\";for(i=0;i<a.length;i++)s=a[i],e.source===s.contentWindow&&(s.removeAttribute(\"style\"),\"height\"===t.message?(1e3<(r=parseInt(t.value,10))?r=1e3:~~r<200&&(r=200),s.height=r):\"link\"===t.message&&(r=new URL(s.getAttribute(\"src\")),n=new URL(t.value),c.test(n.protocol))&&n.host===r.host&&l.activeElement===s&&(d.top.location.href=t.value))}},d.addEventListener(\"message\",d.wp.receiveEmbedMessage,!1),l.addEventListener(\"DOMContentLoaded\",function(){for(var e,t,s=l.querySelectorAll(\"iframe.wp-embedded-content\"),r=0;r<s.length;r++)(t=(e=s[r]).getAttribute(\"data-secret\"))||(t=Math.random().toString(36).substring(2,12),e.src+=\"#?secret=\"+t,e.setAttribute(\"data-secret\",t)),e.contentWindow.postMessage({message:\"ready\",secret:t},\"*\")},!1)))}(window,document);\n\/\/# sourceURL=https:\/\/www.promarca.ch\/wp-includes\/js\/wp-embed.min.js\n\/* ]]> *\/\n<\/script>\n","thumbnail_url":"https:\/\/www.promarca.ch\/wp-content\/uploads\/2020\/08\/Thomas-Meier_RicolaCEO-scaled.jpg","thumbnail_width":2560,"thumbnail_height":1709,"description":"L\u2019interview avec Thomas P. Meier, CEO Ricola Group SA (juin 2020) Vous venez de recevoir, pour la deuxi\u00e8me fois, le prix Brand of the Year de la marque la plus digne de confiance des membres de Promarca. Que repr\u00e9sente cette r\u00e9compense pour vous\u00a0? Mes \u00e9quipes et moi-m\u00eame, au sein de Ricola, sommes tr\u00e8s heureux de [&hellip;]"}