{"id":11290,"date":"2021-09-02T09:40:53","date_gmt":"2021-09-02T09:40:53","guid":{"rendered":"https:\/\/www.promarca.ch\/referent\/frederic-haas\/"},"modified":"2021-09-02T12:45:11","modified_gmt":"2021-09-02T12:45:11","slug":"frederic-haas","status":"publish","type":"referent","link":"https:\/\/www.promarca.ch\/fr\/referent\/frederic-haas\/","title":{"rendered":"Frederic Haas"},"content":{"rendered":"<p>Evian-Volvic Suisse s\u2019est fix\u00e9 pour objectif de concilier croissance durable et impact positif sur la soci\u00e9t\u00e9 et la nature. Il est certain qu\u2019une eau min\u00e9rale de qualit\u00e9 prend sa source dans une nature saine et pr\u00e9serv\u00e9e, mais Evian-Volvic Suisse nourrit \u00e9galement la conviction profonde que les entreprises ont le devoir d\u2019utiliser leurs activit\u00e9s commerciales pour contribuer \u00e0 des changements positifs. C\u2019est dans cet esprit que Frederic Haas a entrepris les d\u00e9marches qui ont permis \u00e0 Evian-Volvic Suisse d\u2019obtenir le label B\u00a0Corp. B\u00a0Corp est un mouvement mondial regroupant des entreprises dont la d\u00e9finition du succ\u00e8s commercial implique d\u00e9sormais aussi un engagement social et \u00e9cologique.<\/p>\n<p>Frederic Haas dirige Evian-Volvic Suisse en qualit\u00e9 de Country Manager depuis\u00a02017\u00a0; il travaille pour Danone depuis 13\u00a0ans. Auparavant, il a occup\u00e9 diff\u00e9rents postes chez Novartis Nutrition, Wella et Procter\u00a0&amp;\u00a0Gamble.<\/p>\n<p>&nbsp;<\/p>\n","protected":false},"featured_media":11268,"template":"","class_list":["post-11290","referent","type-referent","status-publish","has-post-thumbnail","hentry"],"yoast_head":"<!-- This site is optimized with the Yoast SEO plugin v27.3 - https:\/\/yoast.com\/product\/yoast-seo-wordpress\/ -->\n<title>Frederic Haas - Promarca<\/title>\n<meta name=\"robots\" content=\"index, follow, max-snippet:-1, max-image-preview:large, max-video-preview:-1\" \/>\n<link rel=\"canonical\" href=\"https:\/\/www.promarca.ch\/fr\/referent\/frederic-haas\/\" \/>\n<meta property=\"og:locale\" content=\"fr_FR\" \/>\n<meta property=\"og:type\" content=\"article\" \/>\n<meta property=\"og:title\" content=\"Frederic Haas - Promarca\" \/>\n<meta property=\"og:description\" content=\"Evian-Volvic Suisse s\u2019est fix\u00e9 pour objectif de concilier croissance durable et impact positif sur la soci\u00e9t\u00e9 et la nature. Il est certain qu\u2019une eau min\u00e9rale de qualit\u00e9 prend sa source dans une nature saine et pr\u00e9serv\u00e9e, mais Evian-Volvic Suisse nourrit \u00e9galement la conviction profonde que les entreprises ont le devoir d\u2019utiliser leurs activit\u00e9s commerciales pour [&hellip;]\" \/>\n<meta property=\"og:url\" content=\"https:\/\/www.promarca.ch\/fr\/referent\/frederic-haas\/\" \/>\n<meta property=\"og:site_name\" content=\"Promarca\" \/>\n<meta property=\"article:modified_time\" content=\"2021-09-02T12:45:11+00:00\" \/>\n<meta property=\"og:image\" content=\"https:\/\/www.promarca.ch\/wp-content\/uploads\/2021\/08\/Frederic-Haas_Country-Manager_Danone-Waters_Evian-Volvic-Schweiz_-scaled.jpg\" \/>\n\t<meta property=\"og:image:width\" content=\"2560\" \/>\n\t<meta property=\"og:image:height\" content=\"1709\" \/>\n\t<meta property=\"og:image:type\" content=\"image\/jpeg\" \/>\n<meta name=\"twitter:card\" content=\"summary_large_image\" \/>\n<meta name=\"twitter:label1\" content=\"Dur\u00e9e de lecture estim\u00e9e\" \/>\n\t<meta name=\"twitter:data1\" content=\"1 minute\" \/>\n<script type=\"application\/ld+json\" class=\"yoast-schema-graph\">{\"@context\":\"https:\\\/\\\/schema.org\",\"@graph\":[{\"@type\":\"WebPage\",\"@id\":\"https:\\\/\\\/www.promarca.ch\\\/fr\\\/referent\\\/frederic-haas\\\/\",\"url\":\"https:\\\/\\\/www.promarca.ch\\\/fr\\\/referent\\\/frederic-haas\\\/\",\"name\":\"Frederic Haas - Promarca\",\"isPartOf\":{\"@id\":\"https:\\\/\\\/www.promarca.ch\\\/fr\\\/#website\"},\"primaryImageOfPage\":{\"@id\":\"https:\\\/\\\/www.promarca.ch\\\/fr\\\/referent\\\/frederic-haas\\\/#primaryimage\"},\"image\":{\"@id\":\"https:\\\/\\\/www.promarca.ch\\\/fr\\\/referent\\\/frederic-haas\\\/#primaryimage\"},\"thumbnailUrl\":\"https:\\\/\\\/www.promarca.ch\\\/wp-content\\\/uploads\\\/2021\\\/08\\\/Frederic-Haas_Country-Manager_Danone-Waters_Evian-Volvic-Schweiz_-scaled.jpg\",\"datePublished\":\"2021-09-02T09:40:53+00:00\",\"dateModified\":\"2021-09-02T12:45:11+00:00\",\"breadcrumb\":{\"@id\":\"https:\\\/\\\/www.promarca.ch\\\/fr\\\/referent\\\/frederic-haas\\\/#breadcrumb\"},\"inLanguage\":\"fr-FR\",\"potentialAction\":[{\"@type\":\"ReadAction\",\"target\":[\"https:\\\/\\\/www.promarca.ch\\\/fr\\\/referent\\\/frederic-haas\\\/\"]}]},{\"@type\":\"ImageObject\",\"inLanguage\":\"fr-FR\",\"@id\":\"https:\\\/\\\/www.promarca.ch\\\/fr\\\/referent\\\/frederic-haas\\\/#primaryimage\",\"url\":\"https:\\\/\\\/www.promarca.ch\\\/wp-content\\\/uploads\\\/2021\\\/08\\\/Frederic-Haas_Country-Manager_Danone-Waters_Evian-Volvic-Schweiz_-scaled.jpg\",\"contentUrl\":\"https:\\\/\\\/www.promarca.ch\\\/wp-content\\\/uploads\\\/2021\\\/08\\\/Frederic-Haas_Country-Manager_Danone-Waters_Evian-Volvic-Schweiz_-scaled.jpg\",\"width\":2560,\"height\":1709},{\"@type\":\"BreadcrumbList\",\"@id\":\"https:\\\/\\\/www.promarca.ch\\\/fr\\\/referent\\\/frederic-haas\\\/#breadcrumb\",\"itemListElement\":[{\"@type\":\"ListItem\",\"position\":1,\"name\":\"Home\",\"item\":\"https:\\\/\\\/www.promarca.ch\\\/fr\\\/\"},{\"@type\":\"ListItem\",\"position\":2,\"name\":\"Referenten\",\"item\":\"https:\\\/\\\/www.promarca.ch\\\/fr\\\/referent\\\/\"},{\"@type\":\"ListItem\",\"position\":3,\"name\":\"Frederic Haas\"}]},{\"@type\":\"WebSite\",\"@id\":\"https:\\\/\\\/www.promarca.ch\\\/fr\\\/#website\",\"url\":\"https:\\\/\\\/www.promarca.ch\\\/fr\\\/\",\"name\":\"Promarca\",\"description\":\"Schweizerischer Markenartikelverband\",\"potentialAction\":[{\"@type\":\"SearchAction\",\"target\":{\"@type\":\"EntryPoint\",\"urlTemplate\":\"https:\\\/\\\/www.promarca.ch\\\/fr\\\/?s={search_term_string}\"},\"query-input\":{\"@type\":\"PropertyValueSpecification\",\"valueRequired\":true,\"valueName\":\"search_term_string\"}}],\"inLanguage\":\"fr-FR\"}]}<\/script>\n<!-- \/ Yoast SEO plugin. -->","yoast_head_json":{"title":"Frederic Haas - Promarca","robots":{"index":"index","follow":"follow","max-snippet":"max-snippet:-1","max-image-preview":"max-image-preview:large","max-video-preview":"max-video-preview:-1"},"canonical":"https:\/\/www.promarca.ch\/fr\/referent\/frederic-haas\/","og_locale":"fr_FR","og_type":"article","og_title":"Frederic Haas - Promarca","og_description":"Evian-Volvic Suisse s\u2019est fix\u00e9 pour objectif de concilier croissance durable et impact positif sur la soci\u00e9t\u00e9 et la nature. Il est certain qu\u2019une eau min\u00e9rale de qualit\u00e9 prend sa source dans une nature saine et pr\u00e9serv\u00e9e, mais Evian-Volvic Suisse nourrit \u00e9galement la conviction profonde que les entreprises ont le devoir d\u2019utiliser leurs activit\u00e9s commerciales pour [&hellip;]","og_url":"https:\/\/www.promarca.ch\/fr\/referent\/frederic-haas\/","og_site_name":"Promarca","article_modified_time":"2021-09-02T12:45:11+00:00","og_image":[{"width":2560,"height":1709,"url":"https:\/\/www.promarca.ch\/wp-content\/uploads\/2021\/08\/Frederic-Haas_Country-Manager_Danone-Waters_Evian-Volvic-Schweiz_-scaled.jpg","type":"image\/jpeg"}],"twitter_card":"summary_large_image","twitter_misc":{"Dur\u00e9e de lecture estim\u00e9e":"1 minute"},"schema":{"@context":"https:\/\/schema.org","@graph":[{"@type":"WebPage","@id":"https:\/\/www.promarca.ch\/fr\/referent\/frederic-haas\/","url":"https:\/\/www.promarca.ch\/fr\/referent\/frederic-haas\/","name":"Frederic Haas - Promarca","isPartOf":{"@id":"https:\/\/www.promarca.ch\/fr\/#website"},"primaryImageOfPage":{"@id":"https:\/\/www.promarca.ch\/fr\/referent\/frederic-haas\/#primaryimage"},"image":{"@id":"https:\/\/www.promarca.ch\/fr\/referent\/frederic-haas\/#primaryimage"},"thumbnailUrl":"https:\/\/www.promarca.ch\/wp-content\/uploads\/2021\/08\/Frederic-Haas_Country-Manager_Danone-Waters_Evian-Volvic-Schweiz_-scaled.jpg","datePublished":"2021-09-02T09:40:53+00:00","dateModified":"2021-09-02T12:45:11+00:00","breadcrumb":{"@id":"https:\/\/www.promarca.ch\/fr\/referent\/frederic-haas\/#breadcrumb"},"inLanguage":"fr-FR","potentialAction":[{"@type":"ReadAction","target":["https:\/\/www.promarca.ch\/fr\/referent\/frederic-haas\/"]}]},{"@type":"ImageObject","inLanguage":"fr-FR","@id":"https:\/\/www.promarca.ch\/fr\/referent\/frederic-haas\/#primaryimage","url":"https:\/\/www.promarca.ch\/wp-content\/uploads\/2021\/08\/Frederic-Haas_Country-Manager_Danone-Waters_Evian-Volvic-Schweiz_-scaled.jpg","contentUrl":"https:\/\/www.promarca.ch\/wp-content\/uploads\/2021\/08\/Frederic-Haas_Country-Manager_Danone-Waters_Evian-Volvic-Schweiz_-scaled.jpg","width":2560,"height":1709},{"@type":"BreadcrumbList","@id":"https:\/\/www.promarca.ch\/fr\/referent\/frederic-haas\/#breadcrumb","itemListElement":[{"@type":"ListItem","position":1,"name":"Home","item":"https:\/\/www.promarca.ch\/fr\/"},{"@type":"ListItem","position":2,"name":"Referenten","item":"https:\/\/www.promarca.ch\/fr\/referent\/"},{"@type":"ListItem","position":3,"name":"Frederic Haas"}]},{"@type":"WebSite","@id":"https:\/\/www.promarca.ch\/fr\/#website","url":"https:\/\/www.promarca.ch\/fr\/","name":"Promarca","description":"Schweizerischer Markenartikelverband","potentialAction":[{"@type":"SearchAction","target":{"@type":"EntryPoint","urlTemplate":"https:\/\/www.promarca.ch\/fr\/?s={search_term_string}"},"query-input":{"@type":"PropertyValueSpecification","valueRequired":true,"valueName":"search_term_string"}}],"inLanguage":"fr-FR"}]}},"_links":{"self":[{"href":"https:\/\/www.promarca.ch\/fr\/wp-json\/wp\/v2\/referent\/11290","targetHints":{"allow":["GET"]}}],"collection":[{"href":"https:\/\/www.promarca.ch\/fr\/wp-json\/wp\/v2\/referent"}],"about":[{"href":"https:\/\/www.promarca.ch\/fr\/wp-json\/wp\/v2\/types\/referent"}],"wp:featuredmedia":[{"embeddable":true,"href":"https:\/\/www.promarca.ch\/fr\/wp-json\/wp\/v2\/media\/11268"}],"wp:attachment":[{"href":"https:\/\/www.promarca.ch\/fr\/wp-json\/wp\/v2\/media?parent=11290"}],"curies":[{"name":"wp","href":"https:\/\/api.w.org\/{rel}","templated":true}]}}